                                               {"id":17945,"date":"2024-11-29T11:31:22","date_gmt":"2024-11-29T10:31:22","guid":{"rendered":"https:\/\/sarrerak.portugalete.org\/?post_type=product&#038;p=17945"},"modified":"2025-12-07T10:31:45","modified_gmt":"2025-12-07T09:31:45","slug":"espectaculo-infantil-anbotoko-mari-grada-lateral","status":"publish","type":"product","link":"https:\/\/sarrerak.portugalete.org\/eu\/producto\/espectaculo-infantil-anbotoko-mari-grada-lateral\/","title":{"rendered":"Espect\u00e1culo infantil &#8220;Anbotoko Mari&#8221; &#8211; Grada lateral"},"content":{"rendered":"<p><i>Espect\u00e1culo infantil<\/i><\/p>\n<h5>3 de enero a las 19:00.<\/h5>\n<p><strong><img loading=\"lazy\" decoding=\"async\" src=\"\/wp-content\/uploads\/2023\/10\/icono_location.png\" width=\"32\" height=\"68\" alt=\"\"\/ style=\"float:left;\">Polideportivo Zubi Alde.<\/strong><br \/>Mart\u00edn Fern\u00e1ndez Villar\u00e1n, 2.<\/p>\n<hr style=\"clear: both\" \/>\n<p data-wp-editing=\"1\"><img loading=\"lazy\" decoding=\"async\" class=\"alignleft wp-image-229\" src=\"https:\/\/sarrerak.portugalete.org\/wp-content\/uploads\/2023\/10\/icono_idioma_euskera_es.png\" alt=\"\" width=\"75\" height=\"41\" \/><img loading=\"lazy\" decoding=\"async\" class=\"alignleft wp-image-236\" src=\"https:\/\/sarrerak.portugalete.org\/wp-content\/uploads\/2023\/10\/icono_edad_3-10_es.png\" alt=\"\" width=\"75\" height=\"41\" \/><img loading=\"lazy\" decoding=\"async\" class=\"wp-image-238 alignleft\" src=\"https:\/\/sarrerak.portugalete.org\/wp-content\/uploads\/2023\/10\/icono_aforo_50_es.png\" alt=\"\" width=\"75\" height=\"41\" \/><\/p>\n","protected":false},"excerpt":{"rendered":"<p class=\"cambio_de_variacion\">Si desea reservar para pista haga clic <a href=\"https:\/\/sarrerak.portugalete.org\/producto\/espectaculo-infantil-anbotoko-mari-pista\/\">aqu\u00ed<\/a>.<\/p>\n<p class=\"cambio_de_variacion\">Si desea reservar para grada frontal haga clic <a href=\"https:\/\/sarrerak.portugalete.org\/producto\/espectaculo-infantil-anbotoko-mari-grada-frontal\/\">aqu\u00ed<\/a>.<\/p>\n<h5><strong>[gdlr_core_icon icon=\"fa fa-calendar\" size=\"24px\" color=\"\" margin-left=\"5px\" margin-right=\"5px\" ]3 de enero a las 19:00.<\/strong><\/h5>\n<p><strong>[gdlr_core_icon icon=\"fa fa-clock-o\" size=\"24px\" color=\"\" margin-left=\"6px\" margin-right=\"5px\" ]Duraci\u00f3n:<\/strong> 55min.<\/p>\n<hr \/>\n<p style=\"margin-bottom: 0px;\"><strong>[gdlr_core_icon icon=\"fa fa-map-marker\" size=\"24px\" color=\"\" margin-left=\"8px\" margin-right=\"9px\" ]Ubicaci\u00f3n:<\/strong> Polideportivo Municipal Zubi-alde.<\/p>\n<p class=\"direccion_location\">Mart\u00edn Fern\u00e1ndez Villar\u00e1n, 2.<\/p>\n<p style=\"margin-bottom: 10px;\"><strong>[gdlr_core_icon icon=\"fa fa-sign-in\" size=\"24px\" color=\"\" margin-left=\"4px\" margin-right=\"7px\" ]Acceso a grada lateral por:<\/strong> Mart\u00edn Fern\u00e1ndez Villaran (esquina con Pedro Heredia).<\/p>\n<p>[gdlr_core_icon icon=\"fa fa-wheelchair\" size=\"24px\" color=\"\" margin-left=\"4px\" margin-right=\"6px\" ]Acceso sin esperar con una persona acompa\u00f1ante a la sala donde se lleve a cabo el evento. Avisar al responsable de cada centro.<\/p>\n<hr \/>\n<p data-wp-editing=\"1\"><img loading=\"lazy\" decoding=\"async\" class=\"wp-image-229 alignleft\" src=\"https:\/\/sarrerak.portugalete.org\/wp-content\/uploads\/2023\/10\/icono_idioma_euskera_es.png\" alt=\"\" width=\"100\" height=\"54\" \/><img loading=\"lazy\" decoding=\"async\" class=\"wp-image-236 alignleft\" src=\"https:\/\/sarrerak.portugalete.org\/wp-content\/uploads\/2023\/10\/icono_edad_3-10_es.png\" alt=\"\" width=\"100\" height=\"54\" \/><img loading=\"lazy\" decoding=\"async\" class=\"alignnone wp-image-238\" src=\"https:\/\/sarrerak.portugalete.org\/wp-content\/uploads\/2023\/10\/icono_aforo_50_es.png\" alt=\"\" width=\"100\" height=\"54\" \/><\/p>\n<hr \/>\n<p><strong>Descripci\u00f3n:<\/strong><br \/>\n&#8220;Anbotoko Mari&#8221; es una obra de teatro multimedia que re\u00fane teatro, videoanimaci\u00f3n, interaci\u00f3n y m\u00fasica.<\/p>\n<p><strong>Compa\u00f1\u00eda:<\/strong> Logela Multimedia.<\/p>\n<hr \/>\n","protected":false},"author":2,"featured_media":17951,"template":"","meta":[],"product_brand":[],"product_cat":[29],"product_tag":[],"class_list":{"0":"post-17945","1":"product","2":"type-product","3":"status-publish","4":"has-post-thumbnail","6":"product_cat-espectaculos-y-eventos","8":"first","9":"instock","10":"virtual","11":"product-type-simple"},"_links":{"self":[{"href":"https:\/\/sarrerak.portugalete.org\/eu\/wp-json\/wp\/v2\/product\/17945","targetHints":{"allow":["GET"]}}],"collection":[{"href":"https:\/\/sarrerak.portugalete.org\/eu\/wp-json\/wp\/v2\/product"}],"about":[{"href":"https:\/\/sarrerak.portugalete.org\/eu\/wp-json\/wp\/v2\/types\/product"}],"author":[{"embeddable":true,"href":"https:\/\/sarrerak.portugalete.org\/eu\/wp-json\/wp\/v2\/users\/2"}],"wp:featuredmedia":[{"embeddable":true,"href":"https:\/\/sarrerak.portugalete.org\/eu\/wp-json\/wp\/v2\/media\/17951"}],"wp:attachment":[{"href":"https:\/\/sarrerak.portugalete.org\/eu\/wp-json\/wp\/v2\/media?parent=17945"}],"wp:term":[{"taxonomy":"product_brand","embeddable":true,"href":"https:\/\/sarrerak.portugalete.org\/eu\/wp-json\/wp\/v2\/product_brand?post=17945"},{"taxonomy":"product_cat","embeddable":true,"href":"https:\/\/sarrerak.portugalete.org\/eu\/wp-json\/wp\/v2\/product_cat?post=17945"},{"taxonomy":"product_tag","embeddable":true,"href":"https:\/\/sarrerak.portugalete.org\/eu\/wp-json\/wp\/v2\/product_tag?post=17945"}],"curies":[{"name":"wp","href":"https:\/\/api.w.org\/{rel}","templated":true}]}}